{"id":10612,"date":"2025-08-12T21:28:27","date_gmt":"2025-08-12T15:58:27","guid":{"rendered":"https:\/\/human-unity.org\/?page_id=10612"},"modified":"2026-04-28T15:02:08","modified_gmt":"2026-04-28T09:32:08","slug":"si-vous-voulez-la-paix","status":"publish","type":"page","link":"https:\/\/human-unity.org\/fr\/si-vous-voulez-la-paix\/","title":{"rendered":"SI VOUS VOULEZ LA PAIX"},"content":{"rendered":"<p>[et_pb_section fb_built=\u00a0\u00bb1&Prime; _builder_version=\u00a0\u00bb4.27.4&Prime; _module_preset=\u00a0\u00bbdefault\u00a0\u00bb global_colors_info=\u00a0\u00bb{}\u00a0\u00bb][et_pb_row _builder_version=\u00a0\u00bb4.27.4&Prime; _module_preset=\u00a0\u00bbdefault\u00a0\u00bb global_colors_info=\u00a0\u00bb{}\u00a0\u00bb][et_pb_column type=\u00a0\u00bb4_4&Prime; _builder_version=\u00a0\u00bb4.27.4&Prime; _module_preset=\u00a0\u00bbdefault\u00a0\u00bb global_colors_info=\u00a0\u00bb{}\u00a0\u00bb][et_pb_code _builder_version=\u00a0\u00bb4.27.4&Prime; _module_preset=\u00a0\u00bbdefault\u00a0\u00bb global_colors_info=\u00a0\u00bb{}\u00a0\u00bb]<\/p>\n<div style=\"max-width:800px; margin:auto; font-family:Arial, sans-serif; line-height:1.6; text-align:center;\"><!-- [et_pb_line_break_holder] --><!-- [et_pb_line_break_holder] -->  <!-- CABECERA --><!-- [et_pb_line_break_holder] -->  <\/p>\n<h1>\ud83d\udc49 Convoque l\u2019humanit\u00e9 \u00e0 la r\u00e9conciliation<\/h1>\n<p><!-- [et_pb_line_break_holder] -->  <!-- [et_pb_line_break_holder] -->  <pee style=\"font-size:18px;\"><!-- [et_pb_line_break_holder] -->    La paix est possible, mais seulement si nous d\u00e9cidons tous en m\u00eame temps d&rsquo;arr\u00eater de nous faire du mal les uns aux autres.<!-- [et_pb_line_break_holder] -->  <\/pee><!-- [et_pb_line_break_holder] -->   <pee><strong>1.<\/strong> Le conflit existe parce que nous nous armons les uns contre les autres.<\/pee><!-- [et_pb_line_break_holder] -->  <pee><strong>2.<\/strong> Aucun pays ne peut s&rsquo;arr\u00eater seul sans se trouver d\u00e9savantag\u00e9.<\/pee><!-- [et_pb_line_break_holder] -->  <pee><strong>3.<\/strong> Mais si nous cessons tous de le faire en m\u00eame temps, la guerre dispara\u00eet.<\/pee><!-- [et_pb_line_break_holder] --><!-- [et_pb_line_break_holder] -->  <!-- MENSAJE CLAVE --><!-- [et_pb_line_break_holder] -->  <\/p>\n<div style=\"margin:30px 0; font-size:18px;\"><!-- [et_pb_line_break_holder] -->    <strong><!-- [et_pb_line_break_holder] -->      La paix ne d\u00e9pend pas de quelques dirigeants.<!\u2013- [et_pb_br_holder] -\u2013><!-- [et_pb_line_break_holder] -->      Cela d\u00e9pend d&rsquo;une d\u00e9cision collective de l&rsquo;humanit\u00e9.<!-- [et_pb_line_break_holder] -->    <\/strong><!-- [et_pb_line_break_holder] -->  <\/div>\n<p><!-- [et_pb_line_break_holder] --><!-- [et_pb_line_break_holder] -->[\/et_pb_code][et_pb_code _builder_version=\u00a0\u00bb4.27.4&Prime; _module_preset=\u00a0\u00bbdefault\u00a0\u00bb global_colors_info=\u00a0\u00bb{}\u00a0\u00bb]<\/p>\n<div style=\"text-align: center; font-size: 18px; margin-bottom:20px;\"><!-- [et_pb_line_break_holder] -->  De nombreuses personnes dans diff\u00e9rentes parties du monde ont d\u00e9j\u00e0 entam\u00e9 ce processus.<!-- [et_pb_line_break_holder] --><\/div>\n<p><!-- [et_pb_line_break_holder] --><!-- [et_pb_line_break_holder] --><\/p>\n<div style=\"text-align: center; margin: 2em 0;\"><!-- [et_pb_line_break_holder] -->  <a href=\"https:\/\/forms.gle\/Q4FSD5xHD6ai9Etc8\" !-- -- target=\"_blank\" rel=\"noopener\">     target=\u00a0\u00bb_self\u00a0\u00bb<!-- [et_pb_line_break_holder] -->     rel=\u00a0\u00bbnoopener noreferrer\u00a0\u00bb<!-- [et_pb_line_break_holder] -->     style=\u00a0\u00bbdisplay: inline-block; background-color: #0073e6; color: white; padding: 12px 24px; text-decoration: none; border-radius: 8px; font-size: 18px; max-width: 90%; white-space: normal; word-break: keep-all; box-sizing: border-box;\u00a0\u00bb><!-- [et_pb_line_break_holder] -->    \ud83d\udc49 Soutenez la convocation \u2714\ufe0f<!-- [et_pb_line_break_holder] -->  <\/a><!-- [et_pb_line_break_holder] --><\/div>\n<p>[\/et_pb_code][et_pb_code _builder_version=\u00a0\u00bb4.27.4&Prime; _module_preset=\u00a0\u00bbdefault\u00a0\u00bb hover_enabled=\u00a0\u00bb0&Prime; global_colors_info=\u00a0\u00bb{}\u00a0\u00bb sticky_enabled=\u00a0\u00bb0&Prime;]<\/p>\n<div style=\"<!-- [et_pb_line_break_holder] -->    background:#f5f5f5;<!-- [et_pb_line_break_holder] -->    padding:20px;<!-- [et_pb_line_break_holder] -->    border-radius:12px;<!-- [et_pb_line_break_holder] -->    text-align:center;<!-- [et_pb_line_break_holder] -->    width:180px;<!-- [et_pb_line_break_holder] -->    box-shadow:0 2px 8px rgba(0,0,0,0.1);<!-- [et_pb_line_break_holder] -->    margin:15px auto 0 auto;<!-- [et_pb_line_break_holder] -->\u00ab\u00a0><!-- [et_pb_line_break_holder] -->  <\/p>\n<div style=\"font-size:14px; color:#666;\"><!-- [et_pb_line_break_holder] -->    Signatures<!-- [et_pb_line_break_holder] -->  <\/div>\n<p><!-- [et_pb_line_break_holder] -->  <\/p>\n<div style=\"font-size:32px; font-weight:bold;\"><!-- [et_pb_line_break_holder] -->    20<!-- [et_pb_line_break_holder] -->  <\/div>\n<p><!-- [et_pb_line_break_holder] --><\/div>\n<p>[\/et_pb_code][et_pb_code _builder_version=\u00a0\u00bb4.27.4&Prime; _module_preset=\u00a0\u00bbdefault\u00a0\u00bb global_colors_info=\u00a0\u00bb{}\u00a0\u00bb]<\/p>\n<div style=\"text-align:center; margin-top: 20px;\"><!-- [et_pb_line_break_holder] --><!-- [et_pb_line_break_holder] -->  <!-- TEXTO ENCIMA DE ICONOS MEJORADO --><!-- [et_pb_line_break_holder] -->  <\/p>\n<div style=\"margin-bottom:12px; font-size:16px; color:#1a1a1a; font-weight:600; letter-spacing:1px;\"><!-- [et_pb_line_break_holder] -->    PARTAGE<!-- [et_pb_line_break_holder] -->  <\/div>\n<p><!-- [et_pb_line_break_holder] --><!-- [et_pb_line_break_holder] -->  <!-- ICONOS - TODOS CON target=\"_self\" y URL francesa --><!-- [et_pb_line_break_holder] -->  <!-- WhatsApp --><!-- [et_pb_line_break_holder] -->  <a href=\"https:\/\/api.whatsapp.com\/send?text=Convoque%20l\u2019humanit\u00e9%20\u00e0%20la%20r\u00e9conciliation%20\ud83d\udc49%20https%3A%2F%2Fhuman-unity.org%2Ffr%2Fsi-vous-voulez-la-paix%2F\" target=\"_self\" rel=\"noopener noreferrer\" style=\"margin-right:10px;\"><!-- [et_pb_line_break_holder] -->    <img decoding=\"async\" src=\"https:\/\/img.icons8.com\/color\/48\/000000\/whatsapp.png\" alt=\"WhatsApp\"\/><!-- [et_pb_line_break_holder] -->  <\/a><!-- [et_pb_line_break_holder] --><!-- [et_pb_line_break_holder] -->  <!-- Facebook --><!-- [et_pb_line_break_holder] -->  <a href=\"https:\/\/www.facebook.com\/sharer\/sharer.php?u=https%3A%2F%2Fhuman-unity.org%2Ffr%2Fsi-vous-voulez-la-paix%2F\" target=\"_self\" rel=\"noopener noreferrer\" style=\"margin-right:10px;\"><!-- [et_pb_line_break_holder] -->    <img decoding=\"async\" src=\"https:\/\/img.icons8.com\/color\/48\/000000\/facebook.png\" alt=\"Facebook\"\/><!-- [et_pb_line_break_holder] -->  <\/a><!-- [et_pb_line_break_holder] --><!-- [et_pb_line_break_holder] -->  <!-- X (antiguo Twitter) --><!-- [et_pb_line_break_holder] -->  <a href=\"https:\/\/twitter.com\/intent\/tweet?text=Convoque%20l\u2019humanit\u00e9%20\u00e0%20la%20r\u00e9conciliation&#038;url=https%3A%2F%2Fhuman-unity.org%2Ffr%2Fsi-vous-voulez-la-paix%2F\" target=\"_self\" rel=\"noopener noreferrer\" style=\"margin-right:10px;\"><!-- [et_pb_line_break_holder] -->    <img decoding=\"async\" src=\"https:\/\/img.icons8.com\/color\/48\/000000\/twitter--v1.png\" alt=\"X\"\/><!-- [et_pb_line_break_holder] -->  <\/a><!-- [et_pb_line_break_holder] --><!-- [et_pb_line_break_holder] -->  <!-- Telegram --><!-- [et_pb_line_break_holder] -->  <a href=\"https:\/\/t.me\/share\/url?url=https%3A%2F%2Fhuman-unity.org%2Ffr%2Fsi-vous-voulez-la-paix%2F&#038;text=Convoque%20l\u2019humanit\u00e9%20\u00e0%20la%20r\u00e9conciliation\" target=\"_self\" rel=\"noopener noreferrer\" style=\"margin-right:10px;\"><!-- [et_pb_line_break_holder] -->    <img decoding=\"async\" src=\"https:\/\/img.icons8.com\/color\/48\/000000\/telegram-app.png\" alt=\"Telegram\"\/><!-- [et_pb_line_break_holder] -->  <\/a><!-- [et_pb_line_break_holder] --><!-- [et_pb_line_break_holder] -->  <!-- LinkedIn --><!-- [et_pb_line_break_holder] -->  <a href=\"https:\/\/www.linkedin.com\/sharing\/share-offsite\/?url=https%3A%2F%2Fhuman-unity.org%2Ffr%2Fsi-vous-voulez-la-paix%2F\" target=\"_self\" rel=\"noopener noreferrer\" style=\"margin-right:10px;\"><!-- [et_pb_line_break_holder] -->    <img decoding=\"async\" src=\"https:\/\/img.icons8.com\/color\/48\/000000\/linkedin.png\" alt=\"LinkedIn\"\/><!-- [et_pb_line_break_holder] -->  <\/a><!-- [et_pb_line_break_holder] --><!-- [et_pb_line_break_holder] -->  <!-- Email (no necesita target, pero lo dejamos igual) --><!-- [et_pb_line_break_holder] -->  <a href=\"mailto:?subject=Convoque%20l\u2019humanit\u00e9%20\u00e0%20la%20r\u00e9conciliation&#038;body=Convoque%20l\u2019humanit\u00e9%20\u00e0%20la%20r\u00e9conciliation%20\ud83d\udc49%20https%3A%2F%2Fhuman-unity.org%2Ffr%2Fsi-vous-voulez-la-paix%2F\" style=\"margin-right:10px;\"><!-- [et_pb_line_break_holder] -->    <img decoding=\"async\" src=\"https:\/\/img.icons8.com\/color\/48\/000000\/new-post.png\" alt=\"Email\"\/><!-- [et_pb_line_break_holder] -->  <\/a><!-- [et_pb_line_break_holder] --><!-- [et_pb_line_break_holder] -->  <!-- WeChat --><!-- [et_pb_line_break_holder] -->  <a href=\"https:\/\/human-unity.org\/fr\/si-vous-voulez-la-paix\/\" target=\"_self\" rel=\"noopener noreferrer\"><!-- [et_pb_line_break_holder] -->    <img decoding=\"async\" src=\"https:\/\/img.icons8.com\/color\/48\/000000\/weixing.png\" alt=\"WeChat\"\/><!-- [et_pb_line_break_holder] -->  <\/a><!-- [et_pb_line_break_holder] --><!-- [et_pb_line_break_holder] -->  <!-- TEXTO DEBAJO (sin cambios) --><!-- [et_pb_line_break_holder] -->  <\/p>\n<div style=\"margin-top:12px; font-size:12px; color:#666; line-height:1.4; max-width:700px; margin-left:auto; margin-right:auto;\"><!-- [et_pb_line_break_holder] -->    Les personnes sont ce qui compte, ensuite viennent les collectifs (ci-dessous). La compr\u00e9hension du bien et du mal r\u00e9side en nous.  <!-- [et_pb_line_break_holder] -->    Nous proposons la Conf\u00e9rence de R\u00e9conciliation, Paix et D\u00e9sarmement pour le 30 mai 2027.  <!-- [et_pb_line_break_holder] -->    C\u2019est pourquoi il est important de diffuser cette page chaque jour sur les r\u00e9seaux sociaux, en les r\u00e9p\u00e9tant, car quelqu\u2019un peut ne pas la voir un jour et la voir un autre.  <!-- [et_pb_line_break_holder] -->    Vous pouvez demander \u00e0 \u00eatre mentionn\u00e9 comme leur R\u00e9f\u00e9rence.<!-- [et_pb_line_break_holder] -->  <\/div>\n<p><!-- [et_pb_line_break_holder] --><\/div>\n<p>[\/et_pb_code][et_pb_code _builder_version=\u00a0\u00bb4.27.4&Prime; _module_preset=\u00a0\u00bbdefault\u00a0\u00bb global_colors_info=\u00a0\u00bb{}\u00a0\u00bb]<\/p>\n<div style=\"max-width:850px; margin:auto; font-family:Arial, sans-serif; line-height:1.6; color:#222;\"><!-- [et_pb_line_break_holder] --><!-- [et_pb_line_break_holder] -->  <!-- TITRE --><!-- [et_pb_line_break_holder] -->  <\/p>\n<h1 style=\"text-align:center; margin-bottom:25px;\"><!-- [et_pb_line_break_holder] -->    NOUS CONVOQUONS TOUS LES HUMAINS \u00c0 UNE CONF\u00c9RENCE DE R\u00c9CONCILIATION, DE PAIX ET DE D\u00c9SARMEMENT LE 30\/05\/27<!-- [et_pb_line_break_holder] -->  <\/h1>\n<p><!-- [et_pb_line_break_holder] --><!-- [et_pb_line_break_holder] -->  <pee><!-- [et_pb_line_break_holder] -->    1. \u00c0 la date de la conf\u00e9rence, toutes les activit\u00e9s li\u00e9es \u00e0 l\u2019usage ou au d\u00e9veloppement de l\u2019arme sont gel\u00e9es \u2014 production, assemblage, d\u00e9ploiement, etc. \u2014 car autrement cette activit\u00e9 restera la priorit\u00e9, l\u2019urgence et la n\u00e9cessit\u00e9 oppos\u00e9e de chaque \u00c9tat face aux autres, \u00e0 laquelle tout le reste est subordonn\u00e9. De m\u00eame, il est hypocrite, faux, contradictoire et absurde de pr\u00e9tendre \u00e0 la paix tout en acceptant le dommage de l\u2019autre \u2014 qui est la finalit\u00e9 de l\u2019arme.<!-- [et_pb_line_break_holder] -->  <\/pee><!-- [et_pb_line_break_holder] --><!-- [et_pb_line_break_holder] -->  <pee><!-- [et_pb_line_break_holder] -->    Elle peut \u00eatre organis\u00e9e en pr\u00e9sentiel par l\u2019ONU en invitant un repr\u00e9sentant par unit\u00e9 arm\u00e9e, mais ouverte et accessible \u00e0 tous en ligne.<!-- [et_pb_line_break_holder] -->  <\/pee><!-- [et_pb_line_break_holder] --><!-- [et_pb_line_break_holder] -->  <pee><!-- [et_pb_line_break_holder] -->    2. L\u2019objet de la conf\u00e9rence est le d\u00e9sarmement. L\u2019arme n\u2019a aucune utilit\u00e9 pour l\u2019\u00eatre humain : elle agit uniquement contre lui-m\u00eame, mais elle nous transforme tous en objets ou moyens \u00e0 son service.<!-- [et_pb_line_break_holder] -->  <\/pee><!-- [et_pb_line_break_holder] --><!-- [et_pb_line_break_holder] -->  <pee><!-- [et_pb_line_break_holder] -->    3. La coop\u00e9ration pour le d\u00e9sarmement conduit au recyclage des ressources utilis\u00e9es pour le mal en ressources pour le bien, c\u2019est-\u00e0-dire pour le bien-\u00eatre et le d\u00e9veloppement de l\u2019humanit\u00e9 dans son ensemble. L\u2019in\u00e9galit\u00e9 et la diff\u00e9rence sont des cons\u00e9quences de l\u2019arme, car l\u2019arme projette le dommage dans une seule direction et n\u2019admet pas la r\u00e9ciprocit\u00e9. C\u2019est pourquoi l\u2019arme int\u00e9gr\u00e9e, l\u2019arm\u00e9e (et l\u2019\u00c9tat), fonctionne selon une cha\u00eene de commandement o\u00f9 tous se soumettent hi\u00e9rarchiquement \u00e0 une t\u00eate, ce qui constitue la cause et la forme de l\u2019in\u00e9galit\u00e9. Toute arme s\u2019oppose \u00e0 celle qui ne s\u2019y incorpore pas et cherche \u00e0 la d\u00e9truire : telle est la diff\u00e9rence.<!-- [et_pb_line_break_holder] -->  <\/pee><!-- [et_pb_line_break_holder] --><!-- [et_pb_line_break_holder] -->  <!-- BOUTON (corrig\u00e9 : URL correcte + m\u00eame page) --><!-- [et_pb_line_break_holder] -->  <\/p>\n<div style=\"text-align:center; margin:25px 0;\"><!-- [et_pb_line_break_holder] -->    <a href=\"https:\/\/human-unity.org\/wp-content\/uploads\/2026\/04\/Conference-1.pdf\" !-- -->       target=\u00a0\u00bb_self\u00a0\u00bb<!-- [et_pb_line_break_holder] -->       rel=\u00a0\u00bbnoopener noreferrer\u00a0\u00bb<!-- [et_pb_line_break_holder] -->       style=\u00a0\u00bbdisplay:inline-block; background-color:#e0e0e0; color:#333; padding:10px 16px; font-size:14px; text-decoration:none; border-radius:5px; border:1px solid #bbb;\u00a0\u00bb><!-- [et_pb_line_break_holder] -->      Voir plus de d\u00e9tails sur notre compr\u00e9hension<!-- [et_pb_line_break_holder] -->    <\/a><!-- [et_pb_line_break_holder] -->  <\/div>\n<p><!-- [et_pb_line_break_holder] --><!-- [et_pb_line_break_holder] -->  <!-- TEXTE FINAL --><!-- [et_pb_line_break_holder] -->  <\/p>\n<div style=\"font-size:16px;\"><!-- [et_pb_line_break_holder] -->    <pee><!-- [et_pb_line_break_holder] -->      C\u2019est seulement tous ensemble que nous pouvons mettre fin au mal \u2014 \u00e0 la mauvaise volont\u00e9 ou volont\u00e9 de nuire de l\u2019arme \u2014 car l\u2019arr\u00eat du dommage \u00e9quivaut \u00e0 se soumettre \u00e0 la volont\u00e9 qui insiste sur le dommage, et lui ob\u00e9ir revient aussi \u00e0 nuire ; servir son arme ; cesser de servir une arme revient simplement \u00e0 en servir une autre, mais depuis une position plus basse. C\u2019est pourquoi nous devons convoquer l\u2019accord, qui est dans l\u2019int\u00e9r\u00eat de tous, guid\u00e9s par cette raison (et non par la force ou un autre int\u00e9r\u00eat).<!-- [et_pb_line_break_holder] -->    <\/pee><!-- [et_pb_line_break_holder] -->  <\/div>\n<p><!-- [et_pb_line_break_holder] --><!-- [et_pb_line_break_holder] --><\/div>\n<p><!-- [et_pb_line_break_holder] --><\/div>\n<p>[\/et_pb_code][et_pb_code _builder_version=\u00a0\u00bb4.27.4&Prime; _module_preset=\u00a0\u00bbdefault\u00a0\u00bb global_colors_info=\u00a0\u00bb{}\u00a0\u00bb]<\/p>\n<div style=\"text-align: center; margin: 2em 0;\"><!-- [et_pb_line_break_holder] -->  <a href=\"https:\/\/docs.google.com\/forms\/d\/e\/1FAIpQLSfOV49ISsRWvH0OTNz1pWAbuYa4v6W3EHQ5BrQul6qVvMrdkQ\/viewform?usp=header\" !-- -- target=\"_blank\" rel=\"noopener\">     target=\u00a0\u00bb_blank\u00a0\u00bb <!-- [et_pb_line_break_holder] -->     style=\u00a0\u00bbbackground-color: #0073e6; color: white; padding: 15px 30px; text-decoration: none; border-radius: 8px; font-size: 18px;\u00a0\u00bb><!-- [et_pb_line_break_holder] -->    \u270d\ufe0f Entreprises<!-- [et_pb_line_break_holder] -->  <\/a><!-- [et_pb_line_break_holder] --><\/div>\n<p><!-- [et_pb_line_break_holder] -->[\/et_pb_code][et_pb_code _builder_version=\u00a0\u00bb4.27.4&Prime; _module_preset=\u00a0\u00bbdefault\u00a0\u00bb global_colors_info=\u00a0\u00bb{}\u00a0\u00bb]<\/p>\n<div style=\"text-align: center; margin: 2em 0;\"><!-- [et_pb_line_break_holder] -->  <a href=\"https:\/\/docs.google.com\/forms\/d\/e\/1FAIpQLSfOV49ISsRWvH0OTNz1pWAbuYa4v6W3EHQ5BrQul6qVvMrdkQ\/viewform?usp=header\" !-- -- target=\"_blank\" rel=\"noopener\">     target=\u00a0\u00bb_blank\u00a0\u00bb <!-- [et_pb_line_break_holder] -->     style=\u00a0\u00bbbackground-color: #0073e6; color: white; padding: 15px 30px; text-decoration: none; border-radius: 8px; font-size: 18px;\u00a0\u00bb><!-- [et_pb_line_break_holder] -->    \u270d\ufe0f Associations<!-- [et_pb_line_break_holder] -->  <\/a><!-- [et_pb_line_break_holder] --><\/div>\n<p><!-- [et_pb_line_break_holder] -->[\/et_pb_code][et_pb_code _builder_version=\u00a0\u00bb4.27.4&Prime; _module_preset=\u00a0\u00bbdefault\u00a0\u00bb global_colors_info=\u00a0\u00bb{}\u00a0\u00bb]<\/p>\n<div style=\"text-align: center; margin: 2em 0;\"><!-- [et_pb_line_break_holder] -->  <a href=\"https:\/\/docs.google.com\/forms\/d\/e\/1FAIpQLSfOV49ISsRWvH0OTNz1pWAbuYa4v6W3EHQ5BrQul6qVvMrdkQ\/viewform?usp=header\" !-- -- target=\"_blank\" rel=\"noopener\">     target=\u00a0\u00bb_blank\u00a0\u00bb <!-- [et_pb_line_break_holder] -->     style=\u00a0\u00bbbackground-color: #0073e6; color: white; padding: 15px 30px; text-decoration: none; border-radius: 8px; font-size: 18px;\u00a0\u00bb><!-- [et_pb_line_break_holder] -->    \u270d\ufe0f Villes<!-- [et_pb_line_break_holder] -->  <\/a><!-- [et_pb_line_break_holder] --><\/div>\n<p><!-- [et_pb_line_break_holder] -->[\/et_pb_code][et_pb_code _builder_version=\u00a0\u00bb4.27.4&Prime; _module_preset=\u00a0\u00bbdefault\u00a0\u00bb global_colors_info=\u00a0\u00bb{}\u00a0\u00bb]<\/p>\n<div style=\"text-align: center; margin: 2em 0;\"><!-- [et_pb_line_break_holder] -->  <a href=\"https:\/\/docs.google.com\/forms\/d\/e\/1FAIpQLSfOV49ISsRWvH0OTNz1pWAbuYa4v6W3EHQ5BrQul6qVvMrdkQ\/viewform?usp=header\" !-- -- target=\"_blank\" rel=\"noopener\">     target=\u00a0\u00bb_blank\u00a0\u00bb <!-- [et_pb_line_break_holder] -->     style=\u00a0\u00bbbackground-color: #0073e6; color: white; padding: 15px 30px; text-decoration: none; border-radius: 8px; font-size: 18px;\u00a0\u00bb><!-- [et_pb_line_break_holder] -->    \u270d\ufe0f Pays<!-- [et_pb_line_break_holder] -->  <\/a><!-- [et_pb_line_break_holder] --><\/div>\n<p><!-- [et_pb_line_break_holder] -->[\/et_pb_code][et_pb_code _builder_version=\u00a0\u00bb4.27.4&Prime; _module_preset=\u00a0\u00bbdefault\u00a0\u00bb global_colors_info=\u00a0\u00bb{}\u00a0\u00bb]<\/p>\n<div style=\"margin-top:12px; font-size:12px; color:#666; line-height:1.4; max-width:700px; margin-left:auto; margin-right:auto;\"><!-- [et_pb_line_break_holder] --><!-- [et_pb_line_break_holder] -->Soutenir cette convocation pour l\u2019Accord de R\u00e9conciliation et de D\u00e9sarmement est une opportunit\u00e9 pour nous tous de contribuer \u00e0 notre propre bien, \u00e0 celui de l\u2019humanit\u00e9 et \u00e0 notre salut. Celui qui s\u2019abstient de la soutenir, m\u00eame s\u2019il rend d\u2019autres services ou tient de bonnes paroles, se trompe car il agit contre son propre int\u00e9r\u00eat, et il le comprendra t\u00f4t ou tard.<!-- [et_pb_line_break_holder] --><!-- [et_pb_line_break_holder] -->Il est vrai qu\u2019il nous est encore n\u00e9cessaire \u00e0 tous de fonctionner dans le cadre de l\u2019arme, mais ignorer cette convocation revient \u00e0 accepter et \u00e0 d\u00e9cider implicitement que le dommage se poursuive ind\u00e9finiment, ce qui nous trahit dans ce que nous avons de plus profond.<!-- [et_pb_line_break_holder] --><!-- [et_pb_line_break_holder] -->Dans le pass\u00e9, cette \u00ab acceptation \u00bb de la logique du dommage, dissimul\u00e9e derri\u00e8re d\u2019autres id\u00e9aux, \u00e9tait in\u00e9vitable et donc invisible. Aujourd\u2019hui, en revanche, s\u2019abstenir de donner une chance \u00e0 la R\u00e9conciliation et \u00e0 l\u2019Accord revient \u00e0 choisir publiquement le dommage face \u00e0 son alternative.<!-- [et_pb_line_break_holder] --><!-- [et_pb_line_break_holder] --><\/div>\n<p>[\/et_pb_code][et_pb_code _builder_version=\u00a0\u00bb4.27.4&Prime; _module_preset=\u00a0\u00bbdefault\u00a0\u00bb global_colors_info=\u00a0\u00bb{}\u00a0\u00bb]<\/p>\n<div style=\"margin-top:12px; font-size:12px; color:#666; line-height:1.4; max-width:700px; margin-left:auto; margin-right:auto;\"><!-- [et_pb_line_break_holder] --><!-- [et_pb_line_break_holder] -->La R\u00e9f\u00e9rence, de la personne qui nous a guid\u00e9s \u00e0 soutenir la convocation, et qui peut \u00eatre mentionn\u00e9e dans le formulaire, nous permet de reconna\u00eetre, remercier et proposer une r\u00e9compense lors de la Conf\u00e9rence elle-m\u00eame pour les Amis et les H\u00e9ros de l\u2019Humanit\u00e9.<!-- [et_pb_line_break_holder] --><!-- [et_pb_line_break_holder] -->Peuvent \u00eatre R\u00e9f\u00e9rence aussi bien des personnes que des entit\u00e9s. C\u2019est pourquoi il est possible de relier cette page \u00e0 la page ou au r\u00e9seau social de toute personne ou entit\u00e9, et que sa R\u00e9f\u00e9rence soit incluse lorsque le soutien provient de son lien.<!-- [et_pb_line_break_holder] --><!-- [et_pb_line_break_holder] -->Nous tenterons de faire en sorte que le classement des R\u00e9f\u00e9rences soit toujours visible et qu\u2019il soit mis \u00e0 jour en permanence si cela est techniquement et financi\u00e8rement possible.<!-- [et_pb_line_break_holder] --><!-- [et_pb_line_break_holder] --><\/div>\n<p>[\/et_pb_code][et_pb_code _builder_version=\u00a0\u00bb4.27.4&Prime; _module_preset=\u00a0\u00bbdefault\u00a0\u00bb global_colors_info=\u00a0\u00bb{}\u00a0\u00bb]<\/p>\n<div style=\"text-align:center; margin:20px 0;\"><!-- [et_pb_line_break_holder] -->  <a href=\"https:\/\/human-unity.org\/wp-content\/uploads\/2026\/03\/LISTE-DES-GROUPES-QUI-SOUTIENNENT-LUNITE-HUMAINE-OU-LA-CESSATION-DES-NUISANCES-MUTUELLES-MISAJOUR-15-3-26.pdf\" !-- -->     target=\u00a0\u00bb_self\u00a0\u00bb<!-- [et_pb_line_break_holder] -->     rel=\u00a0\u00bbnoopener noreferrer\u00a0\u00bb<!-- [et_pb_line_break_holder] -->     style=\u00a0\u00bb<!-- [et_pb_line_break_holder] -->        display:inline-block;<!-- [et_pb_line_break_holder] -->        background-color:#2e7d32;<!-- [et_pb_line_break_holder] -->        color:#ffffff;<!-- [et_pb_line_break_holder] -->        padding:14px 22px;<!-- [et_pb_line_break_holder] -->        font-size:18px;<!-- [et_pb_line_break_holder] -->        text-decoration:none;<!-- [et_pb_line_break_holder] -->        border-radius:6px;<!-- [et_pb_line_break_holder] -->        font-weight:bold;<!-- [et_pb_line_break_holder] -->        box-shadow:0 3px 6px rgba(0,0,0,0.2);<!-- [et_pb_line_break_holder] -->     \u00ab\u00a0><!-- [et_pb_line_break_holder] -->    \ud83d\udc49 Rejoignez le groupe de votre ville. S\u2019il n\u2019en existe pas, dites-le nous et nous le cr\u00e9erons ensemble.<!-- [et_pb_line_break_holder] -->  <\/a><!-- [et_pb_line_break_holder] --><\/div>\n<p>[\/et_pb_code][et_pb_code _builder_version=\u00a0\u00bb4.27.4&Prime; _module_preset=\u00a0\u00bbdefault\u00a0\u00bb global_colors_info=\u00a0\u00bb{}\u00a0\u00bb]NOS GROUPES[\/et_pb_code][et_pb_code _builder_version=\u00a0\u00bb4.27.4&Prime; _module_preset=\u00a0\u00bbdefault\u00a0\u00bb global_colors_info=\u00a0\u00bb{}\u00a0\u00bb]<iframe loading=\"lazy\" width=\"600\" height=\"450\" src=\"https:\/\/lookerstudio.google.com\/embed\/reporting\/a8ef5327-6228-4837-95f5-032893f0a3ef\/page\/xBhVF\" frameborder=\"0\" style=\"border:0\" allowfullscreen sandbox=\"allow-storage-access-by-user-activation allow-scripts allow-same-origin allow-popups allow-popups-to-escape-sandbox\"><\/iframe>[\/et_pb_code][\/et_pb_column][\/et_pb_row][\/et_pb_section]<\/p>\n","protected":false},"excerpt":{"rendered":"","protected":false},"author":1,"featured_media":0,"parent":0,"menu_order":0,"comment_status":"closed","ping_status":"closed","template":"","meta":{"_et_pb_use_builder":"on","_et_pb_old_content":"","_et_gb_content_width":"","footnotes":""},"class_list":["post-10612","page","type-page","status-publish","hentry"],"_links":{"self":[{"href":"https:\/\/human-unity.org\/fr\/wp-json\/wp\/v2\/pages\/10612","targetHints":{"allow":["GET"]}}],"collection":[{"href":"https:\/\/human-unity.org\/fr\/wp-json\/wp\/v2\/pages"}],"about":[{"href":"https:\/\/human-unity.org\/fr\/wp-json\/wp\/v2\/types\/page"}],"author":[{"embeddable":true,"href":"https:\/\/human-unity.org\/fr\/wp-json\/wp\/v2\/users\/1"}],"replies":[{"embeddable":true,"href":"https:\/\/human-unity.org\/fr\/wp-json\/wp\/v2\/comments?post=10612"}],"version-history":[{"count":21,"href":"https:\/\/human-unity.org\/fr\/wp-json\/wp\/v2\/pages\/10612\/revisions"}],"predecessor-version":[{"id":11572,"href":"https:\/\/human-unity.org\/fr\/wp-json\/wp\/v2\/pages\/10612\/revisions\/11572"}],"wp:attachment":[{"href":"https:\/\/human-unity.org\/fr\/wp-json\/wp\/v2\/media?parent=10612"}],"curies":[{"name":"wp","href":"https:\/\/api.w.org\/{rel}","templated":true}]}}